{"id":238,"date":"2019-07-23T02:39:22","date_gmt":"2019-07-23T02:39:22","guid":{"rendered":"http:\/\/localhost\/casaesperancaevida\/?post_type=servicos&#038;p=238"},"modified":"2019-07-24T11:48:51","modified_gmt":"2019-07-24T11:48:51","slug":"atendimentos-individualizados-e-em-grupo","status":"publish","type":"servicos","link":"https:\/\/casaesperancaevida.org.br\/index.php\/servicos\/atendimentos-individualizados-e-em-grupo\/","title":{"rendered":"Atendimentos Individualizados e em grupo"},"content":{"rendered":"\n<p>Atrav\u00e9s dos nossos colaboradores, colaboradoras e do nosso grupo de volunt\u00e1rios e volunt\u00e1rias, oferecemos atendimentos especializados, tais como servi\u00e7o social, psicologia, fisioterapia, nutri\u00e7\u00e3o, farmac\u00eautico, terapia hol\u00edstica e assist\u00eancia jur\u00eddica, que atuam auxiliando&nbsp;a pessoa no enfrentamento de sua doen\u00e7a e ajudando a&nbsp;diminuir os efeitos colaterais do tratamento, tanto de ordem f\u00edsica como emocional, para dar novos significados ao mesmo e para melhorar sua qualidade de vida. <\/p>\n\n\n\n<p>Tratam-se de profissionais preparados para dar suporte a pacientes e familiares.<\/p>\n\n\n\n<ul class=\"wp-block-gallery columns-3 is-cropped wp-block-gallery-1 is-layout-flex wp-block-gallery-is-layout-flex\"><li class=\"blocks-gallery-item\"><figure><a href=\"https:\/\/casaesperancaevida.org.br\/wp-content\/uploads\/2019\/07\/18740445_1502252089849547_4629918499499223113_n-1.jpg\"><img loading=\"lazy\" decoding=\"async\" width=\"600\" height=\"800\" src=\"https:\/\/casaesperancaevida.org.br\/wp-content\/uploads\/2019\/07\/18740445_1502252089849547_4629918499499223113_n-1.jpg\" alt=\"\" data-id=\"239\" data-link=\"https:\/\/casaesperancaevida.org.br\/index.php\/servicos\/atendimentos-individualizados-e-em-grupo\/18740445_1502252089849547_4629918499499223113_n-1\/\" class=\"wp-image-239\"\/><\/a><\/figure><\/li><li class=\"blocks-gallery-item\"><figure><a href=\"https:\/\/casaesperancaevida.org.br\/wp-content\/uploads\/2019\/07\/18556098_1484389604969129_3690201961529101454_n-1.jpg\"><img loading=\"lazy\" decoding=\"async\" width=\"600\" height=\"800\" src=\"https:\/\/casaesperancaevida.org.br\/wp-content\/uploads\/2019\/07\/18556098_1484389604969129_3690201961529101454_n-1.jpg\" alt=\"\" data-id=\"240\" data-link=\"https:\/\/casaesperancaevida.org.br\/index.php\/servicos\/atendimentos-individualizados-e-em-grupo\/18556098_1484389604969129_3690201961529101454_n-1\/\" class=\"wp-image-240\"\/><\/a><\/figure><\/li><li class=\"blocks-gallery-item\"><figure><a href=\"https:\/\/casaesperancaevida.org.br\/wp-content\/uploads\/2019\/07\/DSCN3686-1.jpg\"><img loading=\"lazy\" decoding=\"async\" width=\"800\" height=\"600\" src=\"https:\/\/casaesperancaevida.org.br\/wp-content\/uploads\/2019\/07\/DSCN3686-1.jpg\" alt=\"\" data-id=\"241\" data-link=\"https:\/\/casaesperancaevida.org.br\/index.php\/servicos\/atendimentos-individualizados-e-em-grupo\/dscn3686-1\/\" class=\"wp-image-241\"\/><\/a><\/figure><\/li><li class=\"blocks-gallery-item\"><figure><a href=\"https:\/\/casaesperancaevida.org.br\/wp-content\/uploads\/2019\/07\/DSCN3708-1.jpg\"><img loading=\"lazy\" decoding=\"async\" width=\"800\" height=\"600\" src=\"https:\/\/casaesperancaevida.org.br\/wp-content\/uploads\/2019\/07\/DSCN3708-1.jpg\" alt=\"\" data-id=\"242\" data-link=\"https:\/\/casaesperancaevida.org.br\/index.php\/servicos\/atendimentos-individualizados-e-em-grupo\/dscn3708-1\/\" class=\"wp-image-242\"\/><\/a><\/figure><\/li><li class=\"blocks-gallery-item\"><figure><a href=\"https:\/\/casaesperancaevida.org.br\/wp-content\/uploads\/2019\/07\/DSCN3711-1.jpg\"><img loading=\"lazy\" decoding=\"async\" width=\"800\" height=\"600\" src=\"https:\/\/casaesperancaevida.org.br\/wp-content\/uploads\/2019\/07\/DSCN3711-1.jpg\" alt=\"\" data-id=\"243\" data-link=\"https:\/\/casaesperancaevida.org.br\/index.php\/servicos\/atendimentos-individualizados-e-em-grupo\/dscn3711-1\/\" class=\"wp-image-243\"\/><\/a><\/figure><\/li><li class=\"blocks-gallery-item\"><figure><a href=\"https:\/\/casaesperancaevida.org.br\/wp-content\/uploads\/2019\/07\/DSCN3443-C\u00f3pia-2-1.jpg\"><img loading=\"lazy\" decoding=\"async\" width=\"800\" height=\"600\" src=\"https:\/\/casaesperancaevida.org.br\/wp-content\/uploads\/2019\/07\/DSCN3443-C\u00f3pia-2-1.jpg\" alt=\"\" data-id=\"244\" data-link=\"https:\/\/casaesperancaevida.org.br\/index.php\/servicos\/atendimentos-individualizados-e-em-grupo\/dscn3443-copia-2-1\/\" class=\"wp-image-244\"\/><\/a><\/figure><\/li><li class=\"blocks-gallery-item\"><figure><a href=\"https:\/\/casaesperancaevida.org.br\/wp-content\/uploads\/2019\/07\/DSCN3987.jpg\"><img loading=\"lazy\" decoding=\"async\" width=\"800\" height=\"450\" src=\"https:\/\/casaesperancaevida.org.br\/wp-content\/uploads\/2019\/07\/DSCN3987.jpg\" alt=\"\" data-id=\"245\" data-link=\"https:\/\/casaesperancaevida.org.br\/index.php\/servicos\/atendimentos-individualizados-e-em-grupo\/dscn3987\/\" class=\"wp-image-245\"\/><\/a><\/figure><\/li><li class=\"blocks-gallery-item\"><figure><a href=\"https:\/\/casaesperancaevida.org.br\/wp-content\/uploads\/2019\/07\/18892945_1124730024297966_7985957711734435354_n-1.jpg\"><img loading=\"lazy\" decoding=\"async\" width=\"800\" height=\"478\" src=\"https:\/\/casaesperancaevida.org.br\/wp-content\/uploads\/2019\/07\/18892945_1124730024297966_7985957711734435354_n-1.jpg\" alt=\"\" data-id=\"246\" data-link=\"https:\/\/casaesperancaevida.org.br\/index.php\/servicos\/atendimentos-individualizados-e-em-grupo\/18892945_1124730024297966_7985957711734435354_n-1\/\" class=\"wp-image-246\"\/><\/a><\/figure><\/li><\/ul>\n","protected":false},"featured_media":246,"parent":0,"template":"","acf":[],"yoast_head":"<!-- This site is optimized with the Yoast SEO plugin v23.5 - https:\/\/yoast.com\/wordpress\/plugins\/seo\/ -->\n<title>Atendimentos Individualizados e em grupo - Associa\u00e7\u00e3o Casa Esperan\u00e7a e Vida<\/title>\n<meta name=\"robots\" content=\"index, follow, max-snippet:-1, max-image-preview:large, max-video-preview:-1\" \/>\n<link rel=\"canonical\" href=\"https:\/\/casaesperancaevida.org.br\/index.php\/servicos\/atendimentos-individualizados-e-em-grupo\/\" \/>\n<meta property=\"og:locale\" content=\"pt_BR\" \/>\n<meta property=\"og:type\" content=\"article\" \/>\n<meta property=\"og:title\" content=\"Atendimentos Individualizados e em grupo - Associa\u00e7\u00e3o Casa Esperan\u00e7a e Vida\" \/>\n<meta property=\"og:description\" content=\"Atrav\u00e9s dos nossos colaboradores, colaboradoras e do nosso grupo de volunt\u00e1rios e volunt\u00e1rias, oferecemos atendimentos especializados, tais como servi\u00e7o social, psicologia, fisioterapia, nutri\u00e7\u00e3o, farmac\u00eautico, terapia hol\u00edstica e assist\u00eancia jur\u00eddica, que atuam auxiliando&nbsp;a pessoa no enfrentamento de sua doen\u00e7a e ajudando a&nbsp;diminuir os efeitos colaterais do tratamento, tanto de ordem f\u00edsica como emocional, para dar novos [&hellip;]\" \/>\n<meta property=\"og:url\" content=\"https:\/\/casaesperancaevida.org.br\/index.php\/servicos\/atendimentos-individualizados-e-em-grupo\/\" \/>\n<meta property=\"og:site_name\" content=\"Associa\u00e7\u00e3o Casa Esperan\u00e7a e Vida\" \/>\n<meta property=\"article:modified_time\" content=\"2019-07-24T11:48:51+00:00\" \/>\n<meta property=\"og:image\" content=\"https:\/\/casaesperancaevida.org.br\/wp-content\/uploads\/2019\/07\/18892945_1124730024297966_7985957711734435354_n-1.jpg\" \/>\n\t<meta property=\"og:image:width\" content=\"800\" \/>\n\t<meta property=\"og:image:height\" content=\"478\" \/>\n\t<meta property=\"og:image:type\" content=\"image\/jpeg\" \/>\n<meta name=\"twitter:card\" content=\"summary_large_image\" \/>\n<script type=\"application\/ld+json\" class=\"yoast-schema-graph\">{\"@context\":\"https:\/\/schema.org\",\"@graph\":[{\"@type\":\"WebPage\",\"@id\":\"https:\/\/casaesperancaevida.org.br\/index.php\/servicos\/atendimentos-individualizados-e-em-grupo\/\",\"url\":\"https:\/\/casaesperancaevida.org.br\/index.php\/servicos\/atendimentos-individualizados-e-em-grupo\/\",\"name\":\"Atendimentos Individualizados e em grupo - Associa\u00e7\u00e3o Casa Esperan\u00e7a e Vida\",\"isPartOf\":{\"@id\":\"https:\/\/casaesperancaevida.org.br\/#website\"},\"primaryImageOfPage\":{\"@id\":\"https:\/\/casaesperancaevida.org.br\/index.php\/servicos\/atendimentos-individualizados-e-em-grupo\/#primaryimage\"},\"image\":{\"@id\":\"https:\/\/casaesperancaevida.org.br\/index.php\/servicos\/atendimentos-individualizados-e-em-grupo\/#primaryimage\"},\"thumbnailUrl\":\"https:\/\/casaesperancaevida.org.br\/wp-content\/uploads\/2019\/07\/18892945_1124730024297966_7985957711734435354_n-1.jpg\",\"datePublished\":\"2019-07-23T02:39:22+00:00\",\"dateModified\":\"2019-07-24T11:48:51+00:00\",\"breadcrumb\":{\"@id\":\"https:\/\/casaesperancaevida.org.br\/index.php\/servicos\/atendimentos-individualizados-e-em-grupo\/#breadcrumb\"},\"inLanguage\":\"pt-BR\",\"potentialAction\":[{\"@type\":\"ReadAction\",\"target\":[\"https:\/\/casaesperancaevida.org.br\/index.php\/servicos\/atendimentos-individualizados-e-em-grupo\/\"]}]},{\"@type\":\"ImageObject\",\"inLanguage\":\"pt-BR\",\"@id\":\"https:\/\/casaesperancaevida.org.br\/index.php\/servicos\/atendimentos-individualizados-e-em-grupo\/#primaryimage\",\"url\":\"https:\/\/casaesperancaevida.org.br\/wp-content\/uploads\/2019\/07\/18892945_1124730024297966_7985957711734435354_n-1.jpg\",\"contentUrl\":\"https:\/\/casaesperancaevida.org.br\/wp-content\/uploads\/2019\/07\/18892945_1124730024297966_7985957711734435354_n-1.jpg\",\"width\":800,\"height\":478},{\"@type\":\"BreadcrumbList\",\"@id\":\"https:\/\/casaesperancaevida.org.br\/index.php\/servicos\/atendimentos-individualizados-e-em-grupo\/#breadcrumb\",\"itemListElement\":[{\"@type\":\"ListItem\",\"position\":1,\"name\":\"Home\",\"item\":\"https:\/\/casaesperancaevida.org.br\/\"},{\"@type\":\"ListItem\",\"position\":2,\"name\":\"Servi\u00e7os\",\"item\":\"https:\/\/casaesperancaevida.org.br\/index.php\/servicos\/\"},{\"@type\":\"ListItem\",\"position\":3,\"name\":\"Atendimentos Individualizados e em grupo\"}]},{\"@type\":\"WebSite\",\"@id\":\"https:\/\/casaesperancaevida.org.br\/#website\",\"url\":\"https:\/\/casaesperancaevida.org.br\/\",\"name\":\"Associa\u00e7\u00e3o Casa Esperan\u00e7a e Vida\",\"description\":\"Assist\u00eancia \u00e0s pessoas com c\u00e2ncer - Teresina - PI\",\"potentialAction\":[{\"@type\":\"SearchAction\",\"target\":{\"@type\":\"EntryPoint\",\"urlTemplate\":\"https:\/\/casaesperancaevida.org.br\/?s={search_term_string}\"},\"query-input\":{\"@type\":\"PropertyValueSpecification\",\"valueRequired\":true,\"valueName\":\"search_term_string\"}}],\"inLanguage\":\"pt-BR\"}]}<\/script>\n<!-- \/ Yoast SEO plugin. -->","yoast_head_json":{"title":"Atendimentos Individualizados e em grupo - Associa\u00e7\u00e3o Casa Esperan\u00e7a e Vida","robots":{"index":"index","follow":"follow","max-snippet":"max-snippet:-1","max-image-preview":"max-image-preview:large","max-video-preview":"max-video-preview:-1"},"canonical":"https:\/\/casaesperancaevida.org.br\/index.php\/servicos\/atendimentos-individualizados-e-em-grupo\/","og_locale":"pt_BR","og_type":"article","og_title":"Atendimentos Individualizados e em grupo - Associa\u00e7\u00e3o Casa Esperan\u00e7a e Vida","og_description":"Atrav\u00e9s dos nossos colaboradores, colaboradoras e do nosso grupo de volunt\u00e1rios e volunt\u00e1rias, oferecemos atendimentos especializados, tais como servi\u00e7o social, psicologia, fisioterapia, nutri\u00e7\u00e3o, farmac\u00eautico, terapia hol\u00edstica e assist\u00eancia jur\u00eddica, que atuam auxiliando&nbsp;a pessoa no enfrentamento de sua doen\u00e7a e ajudando a&nbsp;diminuir os efeitos colaterais do tratamento, tanto de ordem f\u00edsica como emocional, para dar novos [&hellip;]","og_url":"https:\/\/casaesperancaevida.org.br\/index.php\/servicos\/atendimentos-individualizados-e-em-grupo\/","og_site_name":"Associa\u00e7\u00e3o Casa Esperan\u00e7a e Vida","article_modified_time":"2019-07-24T11:48:51+00:00","og_image":[{"width":800,"height":478,"url":"https:\/\/casaesperancaevida.org.br\/wp-content\/uploads\/2019\/07\/18892945_1124730024297966_7985957711734435354_n-1.jpg","type":"image\/jpeg"}],"twitter_card":"summary_large_image","schema":{"@context":"https:\/\/schema.org","@graph":[{"@type":"WebPage","@id":"https:\/\/casaesperancaevida.org.br\/index.php\/servicos\/atendimentos-individualizados-e-em-grupo\/","url":"https:\/\/casaesperancaevida.org.br\/index.php\/servicos\/atendimentos-individualizados-e-em-grupo\/","name":"Atendimentos Individualizados e em grupo - Associa\u00e7\u00e3o Casa Esperan\u00e7a e Vida","isPartOf":{"@id":"https:\/\/casaesperancaevida.org.br\/#website"},"primaryImageOfPage":{"@id":"https:\/\/casaesperancaevida.org.br\/index.php\/servicos\/atendimentos-individualizados-e-em-grupo\/#primaryimage"},"image":{"@id":"https:\/\/casaesperancaevida.org.br\/index.php\/servicos\/atendimentos-individualizados-e-em-grupo\/#primaryimage"},"thumbnailUrl":"https:\/\/casaesperancaevida.org.br\/wp-content\/uploads\/2019\/07\/18892945_1124730024297966_7985957711734435354_n-1.jpg","datePublished":"2019-07-23T02:39:22+00:00","dateModified":"2019-07-24T11:48:51+00:00","breadcrumb":{"@id":"https:\/\/casaesperancaevida.org.br\/index.php\/servicos\/atendimentos-individualizados-e-em-grupo\/#breadcrumb"},"inLanguage":"pt-BR","potentialAction":[{"@type":"ReadAction","target":["https:\/\/casaesperancaevida.org.br\/index.php\/servicos\/atendimentos-individualizados-e-em-grupo\/"]}]},{"@type":"ImageObject","inLanguage":"pt-BR","@id":"https:\/\/casaesperancaevida.org.br\/index.php\/servicos\/atendimentos-individualizados-e-em-grupo\/#primaryimage","url":"https:\/\/casaesperancaevida.org.br\/wp-content\/uploads\/2019\/07\/18892945_1124730024297966_7985957711734435354_n-1.jpg","contentUrl":"https:\/\/casaesperancaevida.org.br\/wp-content\/uploads\/2019\/07\/18892945_1124730024297966_7985957711734435354_n-1.jpg","width":800,"height":478},{"@type":"BreadcrumbList","@id":"https:\/\/casaesperancaevida.org.br\/index.php\/servicos\/atendimentos-individualizados-e-em-grupo\/#breadcrumb","itemListElement":[{"@type":"ListItem","position":1,"name":"Home","item":"https:\/\/casaesperancaevida.org.br\/"},{"@type":"ListItem","position":2,"name":"Servi\u00e7os","item":"https:\/\/casaesperancaevida.org.br\/index.php\/servicos\/"},{"@type":"ListItem","position":3,"name":"Atendimentos Individualizados e em grupo"}]},{"@type":"WebSite","@id":"https:\/\/casaesperancaevida.org.br\/#website","url":"https:\/\/casaesperancaevida.org.br\/","name":"Associa\u00e7\u00e3o Casa Esperan\u00e7a e Vida","description":"Assist\u00eancia \u00e0s pessoas com c\u00e2ncer - Teresina - PI","potentialAction":[{"@type":"SearchAction","target":{"@type":"EntryPoint","urlTemplate":"https:\/\/casaesperancaevida.org.br\/?s={search_term_string}"},"query-input":{"@type":"PropertyValueSpecification","valueRequired":true,"valueName":"search_term_string"}}],"inLanguage":"pt-BR"}]}},"_links":{"self":[{"href":"https:\/\/casaesperancaevida.org.br\/index.php\/wp-json\/wp\/v2\/servicos\/238"}],"collection":[{"href":"https:\/\/casaesperancaevida.org.br\/index.php\/wp-json\/wp\/v2\/servicos"}],"about":[{"href":"https:\/\/casaesperancaevida.org.br\/index.php\/wp-json\/wp\/v2\/types\/servicos"}],"wp:featuredmedia":[{"embeddable":true,"href":"https:\/\/casaesperancaevida.org.br\/index.php\/wp-json\/wp\/v2\/media\/246"}],"wp:attachment":[{"href":"https:\/\/casaesperancaevida.org.br\/index.php\/wp-json\/wp\/v2\/media?parent=238"}],"curies":[{"name":"wp","href":"https:\/\/api.w.org\/{rel}","templated":true}]}}