{"id":9,"date":"2019-07-14T20:59:11","date_gmt":"2019-07-14T20:59:11","guid":{"rendered":"http:\/\/localhost\/casaesperancaevida\/?page_id=9"},"modified":"2020-02-17T19:16:03","modified_gmt":"2020-02-17T19:16:03","slug":"quem-somos","status":"publish","type":"page","link":"https:\/\/casaesperancaevida.org.br\/index.php\/quem-somos\/","title":{"rendered":"Quem Somos"},"content":{"rendered":"\n<h3 class=\"wp-block-heading\">Saiba como funciona nosso trabalho de assist\u00eancia&nbsp;\u00e0s pessoas com c\u00e2ncer&#8230;<\/h3>\n\n\n\n<p>Sabemos que o tratamento oncol\u00f3gico pode ser longo e dif\u00edcil de ser tolerado, mas temos a certeza de que a assist\u00eancia adequada faz o caminho ser menos doloroso, e de que tamb\u00e9m pode ser decisiva na cura da doen\u00e7a. <\/p>\n\n\n\n<p>Desde 2009, a <strong>Associa\u00e7\u00e3o Casa Esperan\u00e7a e Vida de Assist\u00eancia \u00e0s Pessoas com C\u00e2ncer,<\/strong> tem como objetivo <strong>viabilizar as necessidades b\u00e1sicas, no \u00e2mbito social, mental e f\u00edsico<\/strong>, de pessoas com c\u00e2ncer, seus familiares e cuidadores.<\/p>\n\n\n\n<p>Nossas atividades t\u00eam o objetivo de melhorar a qualidade de vida dessas pessoas, buscando proporcionar-lhes meios para que realizem tratamento com qualidade, para que n\u00e3o o interrompam, possibilitando maior chance de cura; para isso, atuamos em v\u00e1rias frentes; por exemplo, para que tenham acesso \u00e0 assistente social, ao diagn\u00f3stico precoce, informa\u00e7\u00f5es sobre a doen\u00e7a e seu tratamento adequado, consultas, exames de alto custo, alimenta\u00e7\u00e3o, suplementos alimentares, medicamentos, equipamentos para o tratamento, atendimentos em \u00e1reas como psicologia, nutri\u00e7\u00e3o, fisioterapia, terapias e orienta\u00e7\u00e3o jur\u00eddica. <strong><br><a href=\"https:\/\/casaesperancaevida.org.br\/index.php\/o-que-fazemos\/\">Clique aqui e saiba mais sobre nossas \u00e1reas de atua\u00e7\u00e3o!<\/a><\/strong><\/p>\n\n\n\n<p>Para realizarmos todo esse importante trabalho, ao nosso lado temos uma equipe de colaboradoras e colaboradores dedicados a oferecer excel\u00eancia no que fazermos; profissionais volunt\u00e1rios e volunt\u00e1rias que realizam atividades e atendimentos de forma 100% gratuita; pessoas que fazem doa\u00e7\u00f5es, sejam financeiras ou de bens de consumo; al\u00e9m de nossos parceiros e fornecedores, que ajudam a viabilizar nosso trabalho. <\/p>\n\n\n\n<p>Temos paix\u00e3o pelo que fazemos, pois nosso maior prazer \u00e9 ver o nosso esfor\u00e7o estampado no olhar de cada um dos nossos usu\u00e1rios, e perceber claramente a melhoria de vida de cada um deles. Receber um abra\u00e7o, um sorriso, um \u201cmuito obrigado\u201d, isso \u00e9 o que nos move para continuarmos na luta para que estes cidad\u00e3os e cidad\u00e3s tenham acesso a direitos prim\u00e1rios.<\/p>\n\n\n\n<ul class=\"wp-block-gallery columns-5 is-cropped wp-block-gallery-1 is-layout-flex wp-block-gallery-is-layout-flex\"><li class=\"blocks-gallery-item\"><figure><a href=\"https:\/\/casaesperancaevida.org.br\/wp-content\/uploads\/2019\/07\/IMG_20180517_162327.jpg\"><img loading=\"lazy\" decoding=\"async\" width=\"800\" height=\"600\" src=\"https:\/\/casaesperancaevida.org.br\/wp-content\/uploads\/2019\/07\/IMG_20180517_162327.jpg\" alt=\"\" data-id=\"70\" data-link=\"https:\/\/casaesperancaevida.org.br\/index.php\/quem-somos\/img_20180517_162327\/\" class=\"wp-image-70\"\/><\/a><\/figure><\/li><li class=\"blocks-gallery-item\"><figure><a href=\"https:\/\/casaesperancaevida.org.br\/wp-content\/uploads\/2019\/07\/IMG_20180512_084139.jpg\"><img loading=\"lazy\" decoding=\"async\" width=\"800\" height=\"600\" src=\"https:\/\/casaesperancaevida.org.br\/wp-content\/uploads\/2019\/07\/IMG_20180512_084139.jpg\" alt=\"\" data-id=\"71\" data-link=\"https:\/\/casaesperancaevida.org.br\/index.php\/quem-somos\/img_20180512_084139\/\" class=\"wp-image-71\"\/><\/a><\/figure><\/li><li class=\"blocks-gallery-item\"><figure><a href=\"https:\/\/casaesperancaevida.org.br\/wp-content\/uploads\/2019\/07\/IMG_20180316_171234.jpg\"><img loading=\"lazy\" decoding=\"async\" width=\"800\" height=\"600\" src=\"https:\/\/casaesperancaevida.org.br\/wp-content\/uploads\/2019\/07\/IMG_20180316_171234.jpg\" alt=\"\" data-id=\"72\" data-link=\"https:\/\/casaesperancaevida.org.br\/index.php\/quem-somos\/img_20180316_171234\/\" class=\"wp-image-72\"\/><\/a><\/figure><\/li><li class=\"blocks-gallery-item\"><figure><a href=\"https:\/\/casaesperancaevida.org.br\/wp-content\/uploads\/2019\/07\/19429773_1143647475739554_4763306045285766136_n.jpg\"><img loading=\"lazy\" decoding=\"async\" width=\"800\" height=\"600\" src=\"https:\/\/casaesperancaevida.org.br\/wp-content\/uploads\/2019\/07\/19429773_1143647475739554_4763306045285766136_n.jpg\" alt=\"\" data-id=\"73\" data-link=\"https:\/\/casaesperancaevida.org.br\/index.php\/quem-somos\/19429773_1143647475739554_4763306045285766136_n\/\" class=\"wp-image-73\"\/><\/a><\/figure><\/li><li class=\"blocks-gallery-item\"><figure><a href=\"https:\/\/casaesperancaevida.org.br\/wp-content\/uploads\/2019\/07\/IMG_20171222_113224.jpg\"><img loading=\"lazy\" decoding=\"async\" width=\"600\" height=\"800\" src=\"https:\/\/casaesperancaevida.org.br\/wp-content\/uploads\/2019\/07\/IMG_20171222_113224.jpg\" alt=\"\" data-id=\"74\" data-link=\"https:\/\/casaesperancaevida.org.br\/index.php\/quem-somos\/img_20171222_113224\/\" class=\"wp-image-74\"\/><\/a><\/figure><\/li><li class=\"blocks-gallery-item\"><figure><a href=\"https:\/\/casaesperancaevida.org.br\/wp-content\/uploads\/2019\/07\/IMG_20180529_152630.jpg\"><img loading=\"lazy\" decoding=\"async\" width=\"800\" height=\"600\" src=\"https:\/\/casaesperancaevida.org.br\/wp-content\/uploads\/2019\/07\/IMG_20180529_152630.jpg\" alt=\"\" data-id=\"75\" data-link=\"https:\/\/casaesperancaevida.org.br\/index.php\/quem-somos\/img_20180529_152630\/\" class=\"wp-image-75\"\/><\/a><\/figure><\/li><li class=\"blocks-gallery-item\"><figure><a href=\"https:\/\/casaesperancaevida.org.br\/wp-content\/uploads\/2019\/07\/IMG_20180426_114007.jpg\"><img loading=\"lazy\" decoding=\"async\" width=\"800\" height=\"600\" src=\"https:\/\/casaesperancaevida.org.br\/wp-content\/uploads\/2019\/07\/IMG_20180426_114007.jpg\" alt=\"\" data-id=\"76\" data-link=\"https:\/\/casaesperancaevida.org.br\/index.php\/quem-somos\/img_20180426_114007\/\" class=\"wp-image-76\"\/><\/a><\/figure><\/li><li class=\"blocks-gallery-item\"><figure><a href=\"https:\/\/casaesperancaevida.org.br\/wp-content\/uploads\/2019\/07\/7583951920_IMG_8245.jpg\"><img loading=\"lazy\" decoding=\"async\" width=\"800\" height=\"533\" src=\"https:\/\/casaesperancaevida.org.br\/wp-content\/uploads\/2019\/07\/7583951920_IMG_8245.jpg\" alt=\"\" data-id=\"77\" data-link=\"https:\/\/casaesperancaevida.org.br\/index.php\/quem-somos\/7583951920_img_8245\/\" class=\"wp-image-77\"\/><\/a><\/figure><\/li><li class=\"blocks-gallery-item\"><figure><a href=\"https:\/\/casaesperancaevida.org.br\/wp-content\/uploads\/2019\/07\/Casa-esperaca-e-vida-1.jpg\"><img loading=\"lazy\" decoding=\"async\" width=\"800\" height=\"600\" src=\"https:\/\/casaesperancaevida.org.br\/wp-content\/uploads\/2019\/07\/Casa-esperaca-e-vida-1.jpg\" alt=\"\" data-id=\"78\" data-link=\"https:\/\/casaesperancaevida.org.br\/index.php\/quem-somos\/casa-esperaca-e-vida-1\/\" class=\"wp-image-78\"\/><\/a><\/figure><\/li><li class=\"blocks-gallery-item\"><figure><a href=\"https:\/\/casaesperancaevida.org.br\/wp-content\/uploads\/2019\/07\/7583951920_IMG_8226.jpg\"><img loading=\"lazy\" decoding=\"async\" width=\"800\" height=\"533\" src=\"https:\/\/casaesperancaevida.org.br\/wp-content\/uploads\/2019\/07\/7583951920_IMG_8226.jpg\" alt=\"\" data-id=\"79\" data-link=\"https:\/\/casaesperancaevida.org.br\/index.php\/quem-somos\/7583951920_img_8226\/\" class=\"wp-image-79\"\/><\/a><\/figure><\/li><li class=\"blocks-gallery-item\"><figure><a href=\"https:\/\/casaesperancaevida.org.br\/wp-content\/uploads\/2019\/07\/18922212_1132827293488239_7925678035081071588_n.jpg\"><img loading=\"lazy\" decoding=\"async\" width=\"960\" height=\"540\" src=\"https:\/\/casaesperancaevida.org.br\/wp-content\/uploads\/2019\/07\/18922212_1132827293488239_7925678035081071588_n.jpg\" alt=\"\" data-id=\"80\" data-link=\"https:\/\/casaesperancaevida.org.br\/index.php\/quem-somos\/18922212_1132827293488239_7925678035081071588_n\/\" class=\"wp-image-80\"\/><\/a><\/figure><\/li><li class=\"blocks-gallery-item\"><figure><a href=\"https:\/\/casaesperancaevida.org.br\/wp-content\/uploads\/2019\/07\/18892945_1124730024297966_7985957711734435354_n.jpg\"><img loading=\"lazy\" decoding=\"async\" width=\"960\" height=\"720\" src=\"https:\/\/casaesperancaevida.org.br\/wp-content\/uploads\/2019\/07\/18892945_1124730024297966_7985957711734435354_n.jpg\" alt=\"\" data-id=\"81\" data-link=\"https:\/\/casaesperancaevida.org.br\/index.php\/quem-somos\/18892945_1124730024297966_7985957711734435354_n\/\" class=\"wp-image-81\"\/><\/a><\/figure><\/li><li class=\"blocks-gallery-item\"><figure><a href=\"https:\/\/casaesperancaevida.org.br\/wp-content\/uploads\/2019\/07\/22310364_1234288180008816_1475159207313999313_n.jpg\"><img loading=\"lazy\" decoding=\"async\" width=\"960\" height=\"720\" src=\"https:\/\/casaesperancaevida.org.br\/wp-content\/uploads\/2019\/07\/22310364_1234288180008816_1475159207313999313_n.jpg\" alt=\"\" data-id=\"82\" data-link=\"https:\/\/casaesperancaevida.org.br\/index.php\/quem-somos\/22310364_1234288180008816_1475159207313999313_n\/\" class=\"wp-image-82\"\/><\/a><\/figure><\/li><li class=\"blocks-gallery-item\"><figure><a href=\"https:\/\/casaesperancaevida.org.br\/wp-content\/uploads\/2019\/07\/21191977_1201458356625132_6679180147106147511_n.jpg\"><img loading=\"lazy\" decoding=\"async\" width=\"960\" height=\"960\" src=\"https:\/\/casaesperancaevida.org.br\/wp-content\/uploads\/2019\/07\/21191977_1201458356625132_6679180147106147511_n.jpg\" alt=\"\" data-id=\"83\" data-link=\"https:\/\/casaesperancaevida.org.br\/index.php\/quem-somos\/21191977_1201458356625132_6679180147106147511_n\/\" class=\"wp-image-83\"\/><\/a><\/figure><\/li><li class=\"blocks-gallery-item\"><figure><a href=\"https:\/\/casaesperancaevida.org.br\/wp-content\/uploads\/2019\/07\/IMG_20180206_160422.jpg\"><img loading=\"lazy\" decoding=\"async\" width=\"800\" height=\"600\" src=\"https:\/\/casaesperancaevida.org.br\/wp-content\/uploads\/2019\/07\/IMG_20180206_160422.jpg\" alt=\"\" data-id=\"84\" data-link=\"https:\/\/casaesperancaevida.org.br\/index.php\/quem-somos\/img_20180206_160422\/\" class=\"wp-image-84\"\/><\/a><\/figure><\/li><li class=\"blocks-gallery-item\"><figure><a href=\"https:\/\/casaesperancaevida.org.br\/wp-content\/uploads\/2019\/07\/22366555_1234288943342073_8579264042259267579_n.jpg\"><img loading=\"lazy\" decoding=\"async\" width=\"960\" height=\"720\" src=\"https:\/\/casaesperancaevida.org.br\/wp-content\/uploads\/2019\/07\/22366555_1234288943342073_8579264042259267579_n.jpg\" alt=\"\" data-id=\"85\" data-link=\"https:\/\/casaesperancaevida.org.br\/index.php\/quem-somos\/22366555_1234288943342073_8579264042259267579_n\/\" class=\"wp-image-85\"\/><\/a><\/figure><\/li><li class=\"blocks-gallery-item\"><figure><a href=\"https:\/\/casaesperancaevida.org.br\/wp-content\/uploads\/2019\/07\/Natal-106.jpg\"><img loading=\"lazy\" decoding=\"async\" width=\"800\" height=\"533\" src=\"https:\/\/casaesperancaevida.org.br\/wp-content\/uploads\/2019\/07\/Natal-106.jpg\" alt=\"\" data-id=\"86\" data-link=\"https:\/\/casaesperancaevida.org.br\/index.php\/quem-somos\/natal-106\/\" class=\"wp-image-86\"\/><\/a><\/figure><\/li><li class=\"blocks-gallery-item\"><figure><a href=\"https:\/\/casaesperancaevida.org.br\/wp-content\/uploads\/2019\/07\/Casa-esperaca-e-vida-5.jpg\"><img loading=\"lazy\" decoding=\"async\" width=\"800\" height=\"571\" src=\"https:\/\/casaesperancaevida.org.br\/wp-content\/uploads\/2019\/07\/Casa-esperaca-e-vida-5.jpg\" alt=\"\" data-id=\"87\" data-link=\"https:\/\/casaesperancaevida.org.br\/index.php\/quem-somos\/casa-esperaca-e-vida-5\/\" class=\"wp-image-87\"\/><\/a><\/figure><\/li><li class=\"blocks-gallery-item\"><figure><a href=\"https:\/\/casaesperancaevida.org.br\/wp-content\/uploads\/2019\/07\/Casa-esperaca-e-vida-2-.jpg\"><img loading=\"lazy\" decoding=\"async\" width=\"600\" height=\"800\" src=\"https:\/\/casaesperancaevida.org.br\/wp-content\/uploads\/2019\/07\/Casa-esperaca-e-vida-2-.jpg\" alt=\"\" data-id=\"88\" data-link=\"https:\/\/casaesperancaevida.org.br\/index.php\/quem-somos\/casa-esperaca-e-vida-2\/\" class=\"wp-image-88\"\/><\/a><\/figure><\/li><li class=\"blocks-gallery-item\"><figure><a href=\"https:\/\/casaesperancaevida.org.br\/wp-content\/uploads\/2019\/07\/Natal-252.jpg\"><img loading=\"lazy\" decoding=\"async\" width=\"800\" height=\"533\" src=\"https:\/\/casaesperancaevida.org.br\/wp-content\/uploads\/2019\/07\/Natal-252.jpg\" alt=\"\" data-id=\"89\" data-link=\"https:\/\/casaesperancaevida.org.br\/index.php\/quem-somos\/natal-252\/\" class=\"wp-image-89\"\/><\/a><\/figure><\/li><li class=\"blocks-gallery-item\"><figure><a href=\"https:\/\/casaesperancaevida.org.br\/wp-content\/uploads\/2019\/07\/Dia-das-M\u00e3es-Casa-Eseran\u00e7a-e-Vida-65.jpg\"><img loading=\"lazy\" decoding=\"async\" width=\"800\" height=\"533\" src=\"https:\/\/casaesperancaevida.org.br\/wp-content\/uploads\/2019\/07\/Dia-das-M\u00e3es-Casa-Eseran\u00e7a-e-Vida-65.jpg\" alt=\"\" data-id=\"90\" data-link=\"https:\/\/casaesperancaevida.org.br\/index.php\/quem-somos\/dia-das-maes-casa-eseranca-e-vida-65\/\" class=\"wp-image-90\"\/><\/a><\/figure><\/li><li class=\"blocks-gallery-item\"><figure><a href=\"https:\/\/casaesperancaevida.org.br\/wp-content\/uploads\/2019\/07\/Dia-das-M\u00e3es-Casa-Eseran\u00e7a-e-Vida-68.jpg\"><img loading=\"lazy\" decoding=\"async\" width=\"800\" height=\"533\" src=\"https:\/\/casaesperancaevida.org.br\/wp-content\/uploads\/2019\/07\/Dia-das-M\u00e3es-Casa-Eseran\u00e7a-e-Vida-68.jpg\" alt=\"\" data-id=\"91\" data-link=\"https:\/\/casaesperancaevida.org.br\/index.php\/quem-somos\/dia-das-maes-casa-eseranca-e-vida-68\/\" class=\"wp-image-91\"\/><\/a><\/figure><\/li><li class=\"blocks-gallery-item\"><figure><a href=\"https:\/\/casaesperancaevida.org.br\/wp-content\/uploads\/2019\/07\/Dia-das-M\u00e3es-Casa-Eseran\u00e7a-e-Vida-63-1.jpg\"><img loading=\"lazy\" decoding=\"async\" width=\"800\" height=\"533\" src=\"https:\/\/casaesperancaevida.org.br\/wp-content\/uploads\/2019\/07\/Dia-das-M\u00e3es-Casa-Eseran\u00e7a-e-Vida-63-1.jpg\" alt=\"\" data-id=\"92\" data-link=\"https:\/\/casaesperancaevida.org.br\/index.php\/quem-somos\/dia-das-maes-casa-eseranca-e-vida-63-1\/\" class=\"wp-image-92\"\/><\/a><\/figure><\/li><li class=\"blocks-gallery-item\"><figure><a href=\"https:\/\/casaesperancaevida.org.br\/wp-content\/uploads\/2019\/07\/IMG-20180731-WA0020.jpg\"><img loading=\"lazy\" decoding=\"async\" width=\"800\" height=\"478\" src=\"https:\/\/casaesperancaevida.org.br\/wp-content\/uploads\/2019\/07\/IMG-20180731-WA0020.jpg\" alt=\"\" data-id=\"93\" data-link=\"https:\/\/casaesperancaevida.org.br\/index.php\/quem-somos\/img-20180731-wa0020\/\" class=\"wp-image-93\"\/><\/a><\/figure><\/li><li class=\"blocks-gallery-item\"><figure><a href=\"https:\/\/casaesperancaevida.org.br\/wp-content\/uploads\/2019\/07\/9f793b630a-2.jpg\"><img loading=\"lazy\" decoding=\"async\" width=\"1444\" height=\"888\" src=\"https:\/\/casaesperancaevida.org.br\/wp-content\/uploads\/2019\/07\/9f793b630a-2.jpg\" alt=\"\" data-id=\"94\" data-link=\"https:\/\/casaesperancaevida.org.br\/index.php\/quem-somos\/9f793b630a-2\/\" class=\"wp-image-94\"\/><\/a><\/figure><\/li><li class=\"blocks-gallery-item\"><figure><a href=\"https:\/\/casaesperancaevida.org.br\/wp-content\/uploads\/2019\/07\/Dia-das-M\u00e3es-Casa-Eseran\u00e7a-e-Vida-63.jpg\"><img loading=\"lazy\" decoding=\"async\" width=\"1444\" height=\"888\" src=\"https:\/\/casaesperancaevida.org.br\/wp-content\/uploads\/2019\/07\/Dia-das-M\u00e3es-Casa-Eseran\u00e7a-e-Vida-63.jpg\" alt=\"\" data-id=\"95\" data-link=\"https:\/\/casaesperancaevida.org.br\/index.php\/quem-somos\/dia-das-maes-casa-eseranca-e-vida-63\/\" class=\"wp-image-95\"\/><\/a><\/figure><\/li><\/ul>\n\n\n\n<h3 class=\"wp-block-heading\" style=\"text-align:center\"><a href=\"https:\/\/casaesperancaevida.org.br\/novo\/galerias\/\">Cliq<\/a><a href=\"https:\/\/casaesperancaevida.org.br\/index.php\/galerias\/\">ue aqui e veja mais fotos em nossa Galeria<\/a><\/h3>\n\n\n\n<hr class=\"wp-block-separator\"\/>\n\n\n\n<h3 class=\"wp-block-heading\">Nossa Miss\u00e3o<\/h3>\n\n\n\n<p>Nossa miss\u00e3o \u00e9 promover a Assist\u00eancia Social \u00e0s Pessoas com C\u00e2ncer e seus familiares, buscando a cura e contribuindo para o resgate de sua cidadania e de seu o bem-estar&nbsp;social.<\/p>\n\n\n\n<h3 class=\"wp-block-heading\">Nossa Vis\u00e3o<\/h3>\n\n\n\n<p>Ser refer\u00eancia na promo\u00e7\u00e3o de assist\u00eancia social \u00e0s Pessoas com C\u00e2ncer e seus&nbsp;familiares.<\/p>\n\n\n\n<h3 class=\"wp-block-heading\">Nossos Valores<\/h3>\n\n\n\n<p>Representam as cren\u00e7as pelas quais a Associa\u00e7\u00e3o Casa Esperan\u00e7a e&nbsp;Vida pauta a sua atividade e a rela\u00e7\u00e3o com os seus associados, colaboradores, usu\u00e1rios,&nbsp;fornecedores, entidades p\u00fablicas e parceiros.<\/p>\n\n\n\n<ul><li>Solidariedade;<\/li><li>Fraternidade;<\/li><li>Trabalho;<\/li><li>Responsabilidade social;<\/li><li>Respeito aos colaboradores e usu\u00e1rios;<\/li><li>\u00c9tica;<\/li><li>Lealdade;<\/li><li>Qualidade.<\/li><\/ul>\n","protected":false},"excerpt":{"rendered":"<p>Saiba como funciona nosso trabalho de assist\u00eancia&nbsp;\u00e0s pessoas com c\u00e2ncer&#8230; Sabemos que o tratamento oncol\u00f3gico pode ser longo e dif\u00edcil de ser tolerado, mas temos a certeza de que a assist\u00eancia adequada faz o caminho ser menos doloroso, e de que tamb\u00e9m pode ser decisiva na cura da doen\u00e7a. Desde 2009, a Associa\u00e7\u00e3o Casa Esperan\u00e7a [&hellip;]<\/p>\n","protected":false},"author":1,"featured_media":92,"parent":0,"menu_order":0,"comment_status":"closed","ping_status":"closed","template":"","meta":{"_acf_changed":false,"_exactmetrics_skip_tracking":false,"_exactmetrics_sitenote_active":false,"_exactmetrics_sitenote_note":"","_exactmetrics_sitenote_category":0,"footnotes":""},"acf":[],"yoast_head":"<!-- This site is optimized with the Yoast SEO plugin v23.5 - https:\/\/yoast.com\/wordpress\/plugins\/seo\/ -->\n<title>Quem Somos - Associa\u00e7\u00e3o Casa Esperan\u00e7a e Vida<\/title>\n<meta name=\"robots\" content=\"index, follow, max-snippet:-1, max-image-preview:large, max-video-preview:-1\" \/>\n<link rel=\"canonical\" href=\"https:\/\/casaesperancaevida.org.br\/index.php\/quem-somos\/\" \/>\n<meta property=\"og:locale\" content=\"pt_BR\" \/>\n<meta property=\"og:type\" content=\"article\" \/>\n<meta property=\"og:title\" content=\"Quem Somos - Associa\u00e7\u00e3o Casa Esperan\u00e7a e Vida\" \/>\n<meta property=\"og:description\" content=\"Saiba como funciona nosso trabalho de assist\u00eancia&nbsp;\u00e0s pessoas com c\u00e2ncer&#8230; Sabemos que o tratamento oncol\u00f3gico pode ser longo e dif\u00edcil de ser tolerado, mas temos a certeza de que a assist\u00eancia adequada faz o caminho ser menos doloroso, e de que tamb\u00e9m pode ser decisiva na cura da doen\u00e7a. Desde 2009, a Associa\u00e7\u00e3o Casa Esperan\u00e7a [&hellip;]\" \/>\n<meta property=\"og:url\" content=\"https:\/\/casaesperancaevida.org.br\/index.php\/quem-somos\/\" \/>\n<meta property=\"og:site_name\" content=\"Associa\u00e7\u00e3o Casa Esperan\u00e7a e Vida\" \/>\n<meta property=\"article:modified_time\" content=\"2020-02-17T19:16:03+00:00\" \/>\n<meta property=\"og:image\" content=\"https:\/\/casaesperancaevida.org.br\/wp-content\/uploads\/2019\/07\/Dia-das-M\u00e3es-Casa-Eseran\u00e7a-e-Vida-63-1.jpg\" \/>\n\t<meta property=\"og:image:width\" content=\"800\" \/>\n\t<meta property=\"og:image:height\" content=\"533\" \/>\n\t<meta property=\"og:image:type\" content=\"image\/jpeg\" \/>\n<meta name=\"twitter:card\" content=\"summary_large_image\" \/>\n<meta name=\"twitter:label1\" content=\"Est. tempo de leitura\" \/>\n\t<meta name=\"twitter:data1\" content=\"2 minutos\" \/>\n<script type=\"application\/ld+json\" class=\"yoast-schema-graph\">{\"@context\":\"https:\/\/schema.org\",\"@graph\":[{\"@type\":\"WebPage\",\"@id\":\"https:\/\/casaesperancaevida.org.br\/index.php\/quem-somos\/\",\"url\":\"https:\/\/casaesperancaevida.org.br\/index.php\/quem-somos\/\",\"name\":\"Quem Somos - Associa\u00e7\u00e3o Casa Esperan\u00e7a e Vida\",\"isPartOf\":{\"@id\":\"https:\/\/casaesperancaevida.org.br\/#website\"},\"primaryImageOfPage\":{\"@id\":\"https:\/\/casaesperancaevida.org.br\/index.php\/quem-somos\/#primaryimage\"},\"image\":{\"@id\":\"https:\/\/casaesperancaevida.org.br\/index.php\/quem-somos\/#primaryimage\"},\"thumbnailUrl\":\"https:\/\/casaesperancaevida.org.br\/wp-content\/uploads\/2019\/07\/Dia-das-M\u00e3es-Casa-Eseran\u00e7a-e-Vida-63-1.jpg\",\"datePublished\":\"2019-07-14T20:59:11+00:00\",\"dateModified\":\"2020-02-17T19:16:03+00:00\",\"breadcrumb\":{\"@id\":\"https:\/\/casaesperancaevida.org.br\/index.php\/quem-somos\/#breadcrumb\"},\"inLanguage\":\"pt-BR\",\"potentialAction\":[{\"@type\":\"ReadAction\",\"target\":[\"https:\/\/casaesperancaevida.org.br\/index.php\/quem-somos\/\"]}]},{\"@type\":\"ImageObject\",\"inLanguage\":\"pt-BR\",\"@id\":\"https:\/\/casaesperancaevida.org.br\/index.php\/quem-somos\/#primaryimage\",\"url\":\"https:\/\/casaesperancaevida.org.br\/wp-content\/uploads\/2019\/07\/Dia-das-M\u00e3es-Casa-Eseran\u00e7a-e-Vida-63-1.jpg\",\"contentUrl\":\"https:\/\/casaesperancaevida.org.br\/wp-content\/uploads\/2019\/07\/Dia-das-M\u00e3es-Casa-Eseran\u00e7a-e-Vida-63-1.jpg\",\"width\":800,\"height\":533},{\"@type\":\"BreadcrumbList\",\"@id\":\"https:\/\/casaesperancaevida.org.br\/index.php\/quem-somos\/#breadcrumb\",\"itemListElement\":[{\"@type\":\"ListItem\",\"position\":1,\"name\":\"Home\",\"item\":\"https:\/\/casaesperancaevida.org.br\/\"},{\"@type\":\"ListItem\",\"position\":2,\"name\":\"Quem Somos\"}]},{\"@type\":\"WebSite\",\"@id\":\"https:\/\/casaesperancaevida.org.br\/#website\",\"url\":\"https:\/\/casaesperancaevida.org.br\/\",\"name\":\"Associa\u00e7\u00e3o Casa Esperan\u00e7a e Vida\",\"description\":\"Assist\u00eancia \u00e0s pessoas com c\u00e2ncer - Teresina - PI\",\"potentialAction\":[{\"@type\":\"SearchAction\",\"target\":{\"@type\":\"EntryPoint\",\"urlTemplate\":\"https:\/\/casaesperancaevida.org.br\/?s={search_term_string}\"},\"query-input\":{\"@type\":\"PropertyValueSpecification\",\"valueRequired\":true,\"valueName\":\"search_term_string\"}}],\"inLanguage\":\"pt-BR\"}]}<\/script>\n<!-- \/ Yoast SEO plugin. -->","yoast_head_json":{"title":"Quem Somos - Associa\u00e7\u00e3o Casa Esperan\u00e7a e Vida","robots":{"index":"index","follow":"follow","max-snippet":"max-snippet:-1","max-image-preview":"max-image-preview:large","max-video-preview":"max-video-preview:-1"},"canonical":"https:\/\/casaesperancaevida.org.br\/index.php\/quem-somos\/","og_locale":"pt_BR","og_type":"article","og_title":"Quem Somos - Associa\u00e7\u00e3o Casa Esperan\u00e7a e Vida","og_description":"Saiba como funciona nosso trabalho de assist\u00eancia&nbsp;\u00e0s pessoas com c\u00e2ncer&#8230; Sabemos que o tratamento oncol\u00f3gico pode ser longo e dif\u00edcil de ser tolerado, mas temos a certeza de que a assist\u00eancia adequada faz o caminho ser menos doloroso, e de que tamb\u00e9m pode ser decisiva na cura da doen\u00e7a. Desde 2009, a Associa\u00e7\u00e3o Casa Esperan\u00e7a [&hellip;]","og_url":"https:\/\/casaesperancaevida.org.br\/index.php\/quem-somos\/","og_site_name":"Associa\u00e7\u00e3o Casa Esperan\u00e7a e Vida","article_modified_time":"2020-02-17T19:16:03+00:00","og_image":[{"width":800,"height":533,"url":"https:\/\/casaesperancaevida.org.br\/wp-content\/uploads\/2019\/07\/Dia-das-M\u00e3es-Casa-Eseran\u00e7a-e-Vida-63-1.jpg","type":"image\/jpeg"}],"twitter_card":"summary_large_image","twitter_misc":{"Est. tempo de leitura":"2 minutos"},"schema":{"@context":"https:\/\/schema.org","@graph":[{"@type":"WebPage","@id":"https:\/\/casaesperancaevida.org.br\/index.php\/quem-somos\/","url":"https:\/\/casaesperancaevida.org.br\/index.php\/quem-somos\/","name":"Quem Somos - Associa\u00e7\u00e3o Casa Esperan\u00e7a e Vida","isPartOf":{"@id":"https:\/\/casaesperancaevida.org.br\/#website"},"primaryImageOfPage":{"@id":"https:\/\/casaesperancaevida.org.br\/index.php\/quem-somos\/#primaryimage"},"image":{"@id":"https:\/\/casaesperancaevida.org.br\/index.php\/quem-somos\/#primaryimage"},"thumbnailUrl":"https:\/\/casaesperancaevida.org.br\/wp-content\/uploads\/2019\/07\/Dia-das-M\u00e3es-Casa-Eseran\u00e7a-e-Vida-63-1.jpg","datePublished":"2019-07-14T20:59:11+00:00","dateModified":"2020-02-17T19:16:03+00:00","breadcrumb":{"@id":"https:\/\/casaesperancaevida.org.br\/index.php\/quem-somos\/#breadcrumb"},"inLanguage":"pt-BR","potentialAction":[{"@type":"ReadAction","target":["https:\/\/casaesperancaevida.org.br\/index.php\/quem-somos\/"]}]},{"@type":"ImageObject","inLanguage":"pt-BR","@id":"https:\/\/casaesperancaevida.org.br\/index.php\/quem-somos\/#primaryimage","url":"https:\/\/casaesperancaevida.org.br\/wp-content\/uploads\/2019\/07\/Dia-das-M\u00e3es-Casa-Eseran\u00e7a-e-Vida-63-1.jpg","contentUrl":"https:\/\/casaesperancaevida.org.br\/wp-content\/uploads\/2019\/07\/Dia-das-M\u00e3es-Casa-Eseran\u00e7a-e-Vida-63-1.jpg","width":800,"height":533},{"@type":"BreadcrumbList","@id":"https:\/\/casaesperancaevida.org.br\/index.php\/quem-somos\/#breadcrumb","itemListElement":[{"@type":"ListItem","position":1,"name":"Home","item":"https:\/\/casaesperancaevida.org.br\/"},{"@type":"ListItem","position":2,"name":"Quem Somos"}]},{"@type":"WebSite","@id":"https:\/\/casaesperancaevida.org.br\/#website","url":"https:\/\/casaesperancaevida.org.br\/","name":"Associa\u00e7\u00e3o Casa Esperan\u00e7a e Vida","description":"Assist\u00eancia \u00e0s pessoas com c\u00e2ncer - Teresina - PI","potentialAction":[{"@type":"SearchAction","target":{"@type":"EntryPoint","urlTemplate":"https:\/\/casaesperancaevida.org.br\/?s={search_term_string}"},"query-input":{"@type":"PropertyValueSpecification","valueRequired":true,"valueName":"search_term_string"}}],"inLanguage":"pt-BR"}]}},"_links":{"self":[{"href":"https:\/\/casaesperancaevida.org.br\/index.php\/wp-json\/wp\/v2\/pages\/9"}],"collection":[{"href":"https:\/\/casaesperancaevida.org.br\/index.php\/wp-json\/wp\/v2\/pages"}],"about":[{"href":"https:\/\/casaesperancaevida.org.br\/index.php\/wp-json\/wp\/v2\/types\/page"}],"author":[{"embeddable":true,"href":"https:\/\/casaesperancaevida.org.br\/index.php\/wp-json\/wp\/v2\/users\/1"}],"replies":[{"embeddable":true,"href":"https:\/\/casaesperancaevida.org.br\/index.php\/wp-json\/wp\/v2\/comments?post=9"}],"version-history":[{"count":10,"href":"https:\/\/casaesperancaevida.org.br\/index.php\/wp-json\/wp\/v2\/pages\/9\/revisions"}],"predecessor-version":[{"id":260,"href":"https:\/\/casaesperancaevida.org.br\/index.php\/wp-json\/wp\/v2\/pages\/9\/revisions\/260"}],"wp:featuredmedia":[{"embeddable":true,"href":"https:\/\/casaesperancaevida.org.br\/index.php\/wp-json\/wp\/v2\/media\/92"}],"wp:attachment":[{"href":"https:\/\/casaesperancaevida.org.br\/index.php\/wp-json\/wp\/v2\/media?parent=9"}],"curies":[{"name":"wp","href":"https:\/\/api.w.org\/{rel}","templated":true}]}}